{"id":467,"date":"2018-01-24T00:17:32","date_gmt":"2018-01-24T00:17:32","guid":{"rendered":"http:\/\/strandurlaub-kolberg.de\/?page_id=467"},"modified":"2020-06-23T12:38:45","modified_gmt":"2020-06-23T12:38:45","slug":"gallery-wohnung","status":"publish","type":"page","link":"https:\/\/strandurlaub-kolberg.de\/?page_id=467","title":{"rendered":"Galerie Wohnung"},"content":{"rendered":"<div id=\"pl-467\"  class=\"panel-layout\" ><div id=\"pg-467-0\"  class=\"panel-grid panel-has-style\" ><div class=\"siteorigin-panels-stretch panel-row-style panel-row-style-for-467-0\" data-stretch-type=\"full-stretched\" ><div id=\"pgc-467-0-0\"  class=\"panel-grid-cell\" ><div id=\"panel-467-0-0-0\" class=\"so-panel widget widget_unitegallery-widget widget_unitegallery panel-first-child panel-last-child\" data-index=\"0\" >\r\n\t\t\t\t\t\n\r\n\t\t\t\t\t<!-- START UNITE GALLERY LITE 1.7.43 -->\r\n\t\t\t\t\t\r\n\t\t\t\t\n\t\t\t<div id='unitegallery_2_1' class='unite-gallery' style='margin:0px auto;'>\n\t\t\t\t\n\n\t\t\t\t\t\t<img decoding=\"async\" alt=\"AM5D2341\"\n\t\t\t\t\t\t     src=\"\" data-image=\"https:\/\/strandurlaub-kolberg.de\/wp-content\/uploads\/2020\/06\/AM5D2341.jpg\"\n\t\t\t\t\t\t     data-thumb=\"https:\/\/strandurlaub-kolberg.de\/wp-content\/uploads\/2020\/06\/AM5D2341-300x165.jpg\"\n\t\t\t\t\t\t     title=\"\"\n\t\t\t\t\t\t     style=\"display:none\">\n\n\t\t\t\t\t\t<img decoding=\"async\" alt=\"AM5D2361\"\n\t\t\t\t\t\t     src=\"\" data-image=\"https:\/\/strandurlaub-kolberg.de\/wp-content\/uploads\/2020\/06\/AM5D2361.jpg\"\n\t\t\t\t\t\t     data-thumb=\"https:\/\/strandurlaub-kolberg.de\/wp-content\/uploads\/2020\/06\/AM5D2361-300x184.jpg\"\n\t\t\t\t\t\t     title=\"\"\n\t\t\t\t\t\t     style=\"display:none\">\n\n\t\t\t\t\t\t<img decoding=\"async\" alt=\"AM5D2352\"\n\t\t\t\t\t\t     src=\"\" data-image=\"https:\/\/strandurlaub-kolberg.de\/wp-content\/uploads\/2020\/06\/AM5D2352.jpg\"\n\t\t\t\t\t\t     data-thumb=\"https:\/\/strandurlaub-kolberg.de\/wp-content\/uploads\/2020\/06\/AM5D2352-300x198.jpg\"\n\t\t\t\t\t\t     title=\"\"\n\t\t\t\t\t\t     style=\"display:none\">\n\n\t\t\t\t\t\t<img decoding=\"async\" alt=\"AM5D3750\"\n\t\t\t\t\t\t     src=\"\" data-image=\"https:\/\/strandurlaub-kolberg.de\/wp-content\/uploads\/2020\/06\/AM5D3750.jpg\"\n\t\t\t\t\t\t     data-thumb=\"https:\/\/strandurlaub-kolberg.de\/wp-content\/uploads\/2020\/06\/AM5D3750-300x194.jpg\"\n\t\t\t\t\t\t     title=\"\"\n\t\t\t\t\t\t     style=\"display:none\">\n\n\t\t\t\t\t\t<img decoding=\"async\" alt=\"Badezimmer2\"\n\t\t\t\t\t\t     src=\"\" data-image=\"https:\/\/strandurlaub-kolberg.de\/wp-content\/uploads\/2020\/07\/Badezimmer2.jpg\"\n\t\t\t\t\t\t     data-thumb=\"https:\/\/strandurlaub-kolberg.de\/wp-content\/uploads\/2020\/07\/Badezimmer2-225x300.jpg\"\n\t\t\t\t\t\t     title=\"\"\n\t\t\t\t\t\t     style=\"display:none\">\n\t\t\t<\/div>\n\n\t\t\t<script type='text\/javascript'>\n\t\t\t\twindow.onload = function(e) {\n\t\t\t\t\tif(typeof ugCheckForErrors == \"undefined\"){\n\t\t\t\t\t\tdocument.getElementById(\"unitegallery_2_1\").innerHTML = \"<span style='color:red'>Unite Gallery Error - gallery js and css files not included in the footer. Please make sure that wp_footer() function is added to your theme.<\/span>\";}\n\t\t\t\t\telse{ ugCheckForErrors(\"unitegallery_2_1\", \"jquery\");}\n\t\t\t\t};\n\t\t\t<\/script>\n\n\t\t\t<!-- END UNITEGALLERY LITE--><\/div><\/div><\/div><\/div><div id=\"pg-467-1\"  class=\"panel-grid panel-has-style\" ><div class=\"siteorigin-panels-stretch panel-row-style panel-row-style-for-467-1\" data-stretch-type=\"full-stretched\" ><div id=\"pgc-467-1-0\"  class=\"panel-grid-cell\" ><div id=\"panel-467-1-0-0\" class=\"so-panel widget widget_sow-headline panel-first-child panel-last-child\" data-index=\"1\" ><div\n\t\t\t\n\t\t\tclass=\"so-widget-sow-headline so-widget-sow-headline-default-39350b055a09-467 so-widget-fittext-wrapper\"\n\t\t\t data-fit-text-compressor=\"0.85\"\n\t\t><div class=\"sow-headline-container \">\n\t\t\t\t\t\t\t<h1 class=\"sow-headline\">\n\t\t\t\t\t\tGallerie\t\t\t\t\t\t<\/h1>\n\t\t\t\t\t\t\t\t\t\t\t<div class=\"decoration\">\n\t\t\t\t\t\t<div class=\"decoration-inside\"><\/div>\n\t\t\t\t\t<\/div>\n\t\t\t\t\t\t\t\t\t\t\t<h3 class=\"sow-sub-headline\">\n\t\t\t\t\t\tEinblicke der Ferienwohnung\t\t\t\t\t\t<\/h3>\n\t\t\t\t\t\t<\/div>\n<\/div><\/div><\/div><\/div><\/div><div id=\"pg-467-2\"  class=\"panel-grid panel-has-style\" ><div class=\"so-parallax siteorigin-panels-stretch panel-row-style panel-row-style-for-467-2\" data-stretch-type=\"full-stretched\" ><img fetchpriority=\"high\" decoding=\"async\" width=\"3008\" height=\"2000\" src=\"https:\/\/strandurlaub-kolberg.de\/wp-content\/uploads\/2018\/01\/DSC_0359.jpg\" class=\"attachment-full size-full\" alt=\"\" data-siteorigin-parallax=\"true\" loading=\"eager\" srcset=\"https:\/\/strandurlaub-kolberg.de\/wp-content\/uploads\/2018\/01\/DSC_0359.jpg 3008w, https:\/\/strandurlaub-kolberg.de\/wp-content\/uploads\/2018\/01\/DSC_0359-300x199.jpg 300w, https:\/\/strandurlaub-kolberg.de\/wp-content\/uploads\/2018\/01\/DSC_0359-768x511.jpg 768w, https:\/\/strandurlaub-kolberg.de\/wp-content\/uploads\/2018\/01\/DSC_0359-1024x681.jpg 1024w, https:\/\/strandurlaub-kolberg.de\/wp-content\/uploads\/2018\/01\/DSC_0359-272x182.jpg 272w\" sizes=\"(max-width: 3008px) 100vw, 3008px\" \/><div id=\"pgc-467-2-0\"  class=\"panel-grid-cell panel-grid-cell-empty\" ><\/div><div id=\"pgc-467-2-1\"  class=\"panel-grid-cell panel-grid-cell-mobile-last\" ><div id=\"panel-467-2-1-0\" class=\"so-panel widget widget_unitegallery-widget widget_unitegallery panel-first-child panel-last-child\" data-index=\"2\" >\r\n\t\t\t\t\t\n\r\n\t\t\t\t\t<!-- START UNITE GALLERY LITE 1.7.43 -->\r\n\t\t\t\t\t\r\n\t\t\t\t\n\t\t\t<div id='unitegallery_6_2' class='unite-gallery' style='margin:0px auto;'>\n\t\t\t\t\n\n\t\t\t\t\t\t<img decoding=\"async\" alt=\"Wohnzimmer1\"\n\t\t\t\t\t\t     src=\"\" data-image=\"https:\/\/strandurlaub-kolberg.de\/wp-content\/uploads\/2020\/07\/Wohnzimmer1.jpg\"\n\t\t\t\t\t\t     data-thumb=\"https:\/\/strandurlaub-kolberg.de\/wp-content\/uploads\/2020\/07\/Wohnzimmer1-300x165.jpg\"\n\t\t\t\t\t\t     title=\"\"\n\t\t\t\t\t\t     style=\"display:none\">\n\n\t\t\t\t\t\t<img decoding=\"async\" alt=\"Schlafzimmer1\"\n\t\t\t\t\t\t     src=\"\" data-image=\"https:\/\/strandurlaub-kolberg.de\/wp-content\/uploads\/2020\/07\/Schlafzimmer1.jpg\"\n\t\t\t\t\t\t     data-thumb=\"https:\/\/strandurlaub-kolberg.de\/wp-content\/uploads\/2020\/07\/Schlafzimmer1-300x184.jpg\"\n\t\t\t\t\t\t     title=\"\"\n\t\t\t\t\t\t     style=\"display:none\">\n\n\t\t\t\t\t\t<img decoding=\"async\" alt=\"G\u00e4stezimmer1\"\n\t\t\t\t\t\t     src=\"\" data-image=\"https:\/\/strandurlaub-kolberg.de\/wp-content\/uploads\/2020\/07\/G\u00e4stezimmer1.jpg\"\n\t\t\t\t\t\t     data-thumb=\"https:\/\/strandurlaub-kolberg.de\/wp-content\/uploads\/2020\/07\/G\u00e4stezimmer1-300x198.jpg\"\n\t\t\t\t\t\t     title=\"\"\n\t\t\t\t\t\t     style=\"display:none\">\n\n\t\t\t\t\t\t<img decoding=\"async\" alt=\"G\u00e4stezimmer2\"\n\t\t\t\t\t\t     src=\"\" data-image=\"https:\/\/strandurlaub-kolberg.de\/wp-content\/uploads\/2020\/07\/G\u00e4stezimmer2.jpg\"\n\t\t\t\t\t\t     data-thumb=\"https:\/\/strandurlaub-kolberg.de\/wp-content\/uploads\/2020\/07\/G\u00e4stezimmer2-300x174.jpg\"\n\t\t\t\t\t\t     title=\"\"\n\t\t\t\t\t\t     style=\"display:none\">\n\n\t\t\t\t\t\t<img decoding=\"async\" alt=\"DSC_0314\"\n\t\t\t\t\t\t     src=\"\" data-image=\"https:\/\/strandurlaub-kolberg.de\/wp-content\/uploads\/2018\/01\/DSC_0314.jpg\"\n\t\t\t\t\t\t     data-thumb=\"https:\/\/strandurlaub-kolberg.de\/wp-content\/uploads\/2018\/01\/DSC_0314-300x199.jpg\"\n\t\t\t\t\t\t     title=\"Grosser S\u00fcdbalkon\"\n\t\t\t\t\t\t     style=\"display:none\">\n\n\t\t\t\t\t\t<img decoding=\"async\" alt=\"K\u00fcche2\"\n\t\t\t\t\t\t     src=\"\" data-image=\"https:\/\/strandurlaub-kolberg.de\/wp-content\/uploads\/2020\/07\/K\u00fcche2.jpg\"\n\t\t\t\t\t\t     data-thumb=\"https:\/\/strandurlaub-kolberg.de\/wp-content\/uploads\/2020\/07\/K\u00fcche2-300x196.jpg\"\n\t\t\t\t\t\t     title=\"\"\n\t\t\t\t\t\t     style=\"display:none\">\n\n\t\t\t\t\t\t<img decoding=\"async\" alt=\"K\u00fcche1\"\n\t\t\t\t\t\t     src=\"\" data-image=\"https:\/\/strandurlaub-kolberg.de\/wp-content\/uploads\/2020\/07\/K\u00fcche1.jpg\"\n\t\t\t\t\t\t     data-thumb=\"https:\/\/strandurlaub-kolberg.de\/wp-content\/uploads\/2020\/07\/K\u00fcche1-300x194.jpg\"\n\t\t\t\t\t\t     title=\"\"\n\t\t\t\t\t\t     style=\"display:none\">\n\n\t\t\t\t\t\t<img decoding=\"async\" alt=\"Badezimmer5\"\n\t\t\t\t\t\t     src=\"\" data-image=\"https:\/\/strandurlaub-kolberg.de\/wp-content\/uploads\/2020\/07\/Badezimmer5.jpg\"\n\t\t\t\t\t\t     data-thumb=\"https:\/\/strandurlaub-kolberg.de\/wp-content\/uploads\/2020\/07\/Badezimmer5-261x300.jpg\"\n\t\t\t\t\t\t     title=\"\"\n\t\t\t\t\t\t     style=\"display:none\">\n\n\t\t\t\t\t\t<img decoding=\"async\" alt=\"Badezimmer3\"\n\t\t\t\t\t\t     src=\"\" data-image=\"https:\/\/strandurlaub-kolberg.de\/wp-content\/uploads\/2020\/07\/Badezimmer3.jpg\"\n\t\t\t\t\t\t     data-thumb=\"https:\/\/strandurlaub-kolberg.de\/wp-content\/uploads\/2020\/07\/Badezimmer3-225x300.jpg\"\n\t\t\t\t\t\t     title=\"\"\n\t\t\t\t\t\t     style=\"display:none\">\n\n\t\t\t\t\t\t<img decoding=\"async\" alt=\"Badezimmer1\"\n\t\t\t\t\t\t     src=\"\" data-image=\"https:\/\/strandurlaub-kolberg.de\/wp-content\/uploads\/2020\/07\/Badezimmer1.jpg\"\n\t\t\t\t\t\t     data-thumb=\"https:\/\/strandurlaub-kolberg.de\/wp-content\/uploads\/2020\/07\/Badezimmer1-300x225.jpg\"\n\t\t\t\t\t\t     title=\"\"\n\t\t\t\t\t\t     style=\"display:none\">\n\n\t\t\t\t\t\t<img decoding=\"async\" alt=\"Wohnzimmer6\"\n\t\t\t\t\t\t     src=\"\" data-image=\"https:\/\/strandurlaub-kolberg.de\/wp-content\/uploads\/2020\/07\/Wohnzimmer6.jpg\"\n\t\t\t\t\t\t     data-thumb=\"https:\/\/strandurlaub-kolberg.de\/wp-content\/uploads\/2020\/07\/Wohnzimmer6-300x191.jpg\"\n\t\t\t\t\t\t     title=\"\"\n\t\t\t\t\t\t     style=\"display:none\">\n\n\t\t\t\t\t\t<img decoding=\"async\" alt=\"Wohnzimmer3\"\n\t\t\t\t\t\t     src=\"\" data-image=\"https:\/\/strandurlaub-kolberg.de\/wp-content\/uploads\/2020\/07\/Wohnzimmer3.jpg\"\n\t\t\t\t\t\t     data-thumb=\"https:\/\/strandurlaub-kolberg.de\/wp-content\/uploads\/2020\/07\/Wohnzimmer3-300x200.jpg\"\n\t\t\t\t\t\t     title=\"\"\n\t\t\t\t\t\t     style=\"display:none\">\n\t\t\t<\/div>\n\n\n\t\t\t<!-- END UNITEGALLERY LITE--><\/div><\/div><div id=\"pgc-467-2-2\"  class=\"panel-grid-cell panel-grid-cell-empty\" ><\/div><\/div><\/div><div id=\"pg-467-3\"  class=\"panel-grid panel-has-style\" ><div class=\"siteorigin-panels-stretch panel-row-style panel-row-style-for-467-3\" data-stretch-type=\"full-stretched\" ><div id=\"pgc-467-3-0\"  class=\"panel-grid-cell\" ><div id=\"panel-467-3-0-0\" class=\"so-panel widget widget_black-studio-tinymce widget_black_studio_tinymce panel-first-child panel-last-child\" data-index=\"3\" ><div class=\"textwidget\"><h3 style=\"text-align: center;\">Wir w\u00fcrden uns sehr freuen, Sie bald als Gast in unserer gem\u00fctlichen FeWo begr\u00fcssen zu d\u00fcrfen.<\/h3>\n<\/div><\/div><\/div><\/div><\/div><\/div>","protected":false},"excerpt":{"rendered":"<p>Gallerie Einblicke der Ferienwohnung Wir w\u00fcrden uns sehr freuen, Sie bald als Gast in unserer gem\u00fctlichen FeWo begr\u00fcssen zu d\u00fcrfen.<\/p>\n","protected":false},"author":1,"featured_media":0,"parent":0,"menu_order":0,"comment_status":"closed","ping_status":"closed","template":"templates\/template-full-notitle.php","meta":{"footnotes":""},"class_list":["post-467","page","type-page","status-publish","hentry",null],"_links":{"self":[{"href":"https:\/\/strandurlaub-kolberg.de\/index.php?rest_route=\/wp\/v2\/pages\/467","targetHints":{"allow":["GET"]}}],"collection":[{"href":"https:\/\/strandurlaub-kolberg.de\/index.php?rest_route=\/wp\/v2\/pages"}],"about":[{"href":"https:\/\/strandurlaub-kolberg.de\/index.php?rest_route=\/wp\/v2\/types\/page"}],"author":[{"embeddable":true,"href":"https:\/\/strandurlaub-kolberg.de\/index.php?rest_route=\/wp\/v2\/users\/1"}],"replies":[{"embeddable":true,"href":"https:\/\/strandurlaub-kolberg.de\/index.php?rest_route=%2Fwp%2Fv2%2Fcomments&post=467"}],"version-history":[{"count":41,"href":"https:\/\/strandurlaub-kolberg.de\/index.php?rest_route=\/wp\/v2\/pages\/467\/revisions"}],"predecessor-version":[{"id":546,"href":"https:\/\/strandurlaub-kolberg.de\/index.php?rest_route=\/wp\/v2\/pages\/467\/revisions\/546"}],"wp:attachment":[{"href":"https:\/\/strandurlaub-kolberg.de\/index.php?rest_route=%2Fwp%2Fv2%2Fmedia&parent=467"}],"curies":[{"name":"wp","href":"https:\/\/api.w.org\/{rel}","templated":true}]}}